{"id":4974,"date":"2025-08-20T14:14:17","date_gmt":"2025-08-20T14:14:17","guid":{"rendered":"https:\/\/360regional.com\/360\/?post_type=ttbm_tour&#038;p=4974"},"modified":"2026-04-29T14:45:46","modified_gmt":"2026-04-29T14:45:46","slug":"salida-grupal-colombia-belleza-natural-aromas-de-cafe-playa-2026","status":"publish","type":"ttbm_tour","link":"https:\/\/360regional.com\/360\/viaje\/salida-grupal-colombia-belleza-natural-aromas-de-cafe-playa-2026\/","title":{"rendered":"Colombia con aromas de caf\u00e9 2026 &#8211; Grupal"},"content":{"rendered":"<h4><strong>Bogot\u00e1 \/ Pereira \u2013 Eje Cafetero \/ San Andr\u00e9s<\/strong><\/h4>\n<p><strong>Origen:<\/strong> C\u00f3rdoba o Rosario<\/p>\n<p><strong>Salida:<\/strong>\u00a0 8 Julio<\/p>\n<p>El programa incluye:<\/p>\n<ul>\n<li>A\u00e9reo desde C\u00f3rdoba o Rosario con LATAM<\/li>\n<li>10 noches de alojamiento con r\u00e9gimen seg\u00fan hotel<br \/>\n3 noches en Bogot\u00e1 con Desayuno<br \/>\n2 noches en Pereira con Desayuno<br \/>\n5 noches en Isla San Andr\u00e9s con All Inclusive<\/li>\n<li>Traslados de ingreso y egreso<\/li>\n<li>Gu\u00eda privado en idioma espa\u00f1ol<\/li>\n<li>Excursiones seg\u00fan programa<br \/>\nCity Tour El Dorado con Moserrate<br \/>\nTour Mina de Sal y Zipaquir\u00e1<br \/>\nCity Tour finca de Caf\u00e9<br \/>\nCity Tour vuelta a la Isla en San Andr\u00e9s<\/li>\n<li>Entradas de ingreso a atractivos mencionados en el itinerario<\/li>\n<li>Coordinador permanente<\/li>\n<li>Asistencia al viajero\u00a0<a href=\"https:\/\/360regional.com\/360\/wp-content\/uploads\/2023\/09\/AC-60-360-REGIONAL.pdf\" target=\"_blank\" rel=\"noopener\">AC60 (ver detalle).<\/a><\/li>\n<\/ul>\n<p><strong>NO INCLUIDO:<\/strong><\/p>\n<ul>\n<li>Servicios, Excursiones o comidas no especificadas<\/li>\n<li>Dentro de las Visitas en la Isla de San Andres algunos de los sitios de inter\u00e9s cobran el valor de entrada, los cuales deben ser pagados directamente por el pasajero. Si el pasajero desea que sean trasladados in\/out (hotel &#8211; punto de encuentro-hotel) tendr\u00e1 un costo de 30 USD por pax<\/li>\n<li>Tasa Unificada de Uso de Aeropuerto (TUUA) por conexi\u00f3n internacional en el Aeropuerto Internacional Jorge Ch\u00e1vez (Lima, Per\u00fa). U$D 11,86 por pasajero por escala internacional.<\/li>\n<\/ul>\n<h3>TARIFAS<\/h3>\n<p>Formas de pago:<br \/>\n1) 30% al momento de la confirmaci\u00f3n.<br \/>\n2) Refuerzo de se\u00f1a 45 d\u00edas antes de la salida.<br \/>\n3) Saldo hasta 15 d\u00edas antes de la salida.<\/p>\n<table width=\"1009\">\n<tbody>\n<tr>\n<td width=\"90\">HOTEL<\/td>\n<td width=\"90\">REGIMEN<\/td>\n<td width=\"90\">SALIDAS<\/td>\n<td width=\"90\">BASE<\/td>\n<td width=\"94\">TARIFA<\/td>\n<td width=\"101\">GASTOS E IMPUESTOS<\/td>\n<td width=\"90\">FINAL U$D<\/td>\n<td rowspan=\"5\" width=\"90\"><strong>En caso de abonar en pesos \u2192<\/strong><\/td>\n<td width=\"90\">RG 5617<br \/>\n30%<\/td>\n<td width=\"90\">RG 5617 A\u00e9reo Q1<\/td>\n<td width=\"94\">FINAL $<\/td>\n<\/tr>\n<tr>\n<td rowspan=\"4\" width=\"90\"><a href=\"https:\/\/www.cosmos100hotel.com\/\">COSMO 100<\/a> \/ <a href=\"https:\/\/fincahotelyerbabuena.com\/\">FINCA HOTEL YERBA BUENA<\/a> \/ <a href=\"https:\/\/www.ghlhotelsunrise.com\/?partner=4153&amp;utm_source=google&amp;utm_medium=mybusiness\">GHL RELAX HOTEL SUNRISE<\/a><\/td>\n<td rowspan=\"4\" width=\"90\">Desayuno \/\/ All Inclusive en San Andr\u00e9s<\/td>\n<td rowspan=\"4\" width=\"90\">8 julio<\/td>\n<td>DBL<\/td>\n<td width=\"94\">USD 2.847<\/td>\n<td width=\"101\">USD 777<\/td>\n<td width=\"90\"><strong>USD 3.624<\/strong><\/td>\n<td width=\"90\">USD 360<\/td>\n<td width=\"90\">USD 389<\/td>\n<td width=\"94\"><strong>USD 4.373<\/strong><\/td>\n<\/tr>\n<tr>\n<td>TPL<\/td>\n<td width=\"94\">USD 2.737<\/td>\n<td width=\"101\">USD 760<\/td>\n<td width=\"90\"><strong>USD 3.497<\/strong><\/td>\n<td width=\"90\">USD 330<\/td>\n<td width=\"90\">USD 389<\/td>\n<td width=\"94\"><strong>USD 4.216<\/strong><\/td>\n<\/tr>\n<tr>\n<td>SGL<\/td>\n<td width=\"94\">USD 3.440<\/td>\n<td width=\"101\">USD 857<\/td>\n<td width=\"90\"><strong>USD 4.297<\/strong><\/td>\n<td width=\"90\">USD 522<\/td>\n<td width=\"90\">USD 389<\/td>\n<td width=\"94\"><strong>USD 5.208<\/strong><\/td>\n<\/tr>\n<tr>\n<td>Chd 2 a 11<\/td>\n<td width=\"94\">USD 2.390<\/td>\n<td width=\"101\">USD 717<\/td>\n<td width=\"90\"><strong>USD 3.107<\/strong><\/td>\n<td width=\"90\">USD 236<\/td>\n<td width=\"90\">USD 389<\/td>\n<td width=\"94\"><strong>USD 3.732<\/strong><\/td>\n<\/tr>\n<\/tbody>\n<\/table>\n<p><strong>Tarifas por pasajero seg\u00fan base indicada, sujetas a modificaci\u00f3n sin previo aviso y disponibilidad al momento de la reserva.<\/strong><\/p>\n<p><b>Se GARANTIZA a COMPARTIR hasta 40 d\u00edas antes abonando en tarifa doble y la distribuci\u00f3n puede ser en base doble o triple.<\/b><\/p>\n<p><strong>Adicional traslados a C\u00f3rdoba desde:\u00a0<\/strong><\/p>\n<ul>\n<li><strong>Sunchales, Rafaela, Esperanza, Brinkman, Mortero, Freyre:<\/strong> U$D 77<\/li>\n<li><strong>San Francisco, Devoto, La Francia, Arroyito:<\/strong> U$D 67<\/li>\n<li><strong>San Luis:<\/strong> U$D 90<\/li>\n<li><strong>Villa Mercedes:<\/strong> U$D 77<\/li>\n<li><strong>Rio Cuarto, <\/strong><strong>Almafuerte, Alcira Gigena:<\/strong> U$D 67<\/li>\n<li><strong>Cruz del Eje, Capilla del Monte, La Cumbre, La Falda, Cosqu\u00edn:<\/strong> U$D 57<\/li>\n<li><strong>Carcara\u00f1a, Ca\u00f1ada de Gomez:<\/strong> U$D 97<\/li>\n<li><strong>Armstrong, Marcos Juarez:<\/strong> U$D 87<\/li>\n<li><strong>Villa Maria, Bell Ville:<\/strong> U$D 67<\/li>\n<\/ul>\n<p><b><strong>Nota:\u00a0<\/strong><\/b>En caso de visitar la Isla de San Andr\u00e9s, se deber\u00e1 abonar al momento de ingresar una Tarjeta de Turismo con un costo aproximado de USD 35.<\/p>\n<p><b>Pol\u00edtica<\/b><strong>\u00a0de menores:<\/strong><\/p>\n<ul>\n<li><strong>Infoa (0 a 1 a\u00f1os):<\/strong> 10% de la tarifa adulto + impuestos. Neto<\/li>\n<li><strong>Chd:\u00a0<\/strong>seg\u00fan hotel.<\/li>\n<\/ul>\n<p><strong>Adicional Asistencia al viajero entre 70 a 74 a\u00f1os:<\/strong>\u00a0<strong>17 U$D<\/strong>\u00a0(d\u00f3lar billete).<\/p>\n<p><strong>Adicional Asistencia al viajero Mayor de 75 a\u00f1os:<\/strong>\u00a0<strong>34 U$D<\/strong>\u00a0(d\u00f3lar billete).<\/p>\n<h4><strong>Horarios de vuelos<\/strong><\/h4>\n<table width=\"523\">\n<tbody>\n<tr>\n<td width=\"131\"><strong>VUELO DESDE COR<\/strong><\/td>\n<td width=\"90\"><strong>RUTA<\/strong><\/td>\n<td width=\"90\"><strong>FECHA<\/strong><\/td>\n<td width=\"105\"><strong>HORA DE SALIDA<\/strong><\/td>\n<td width=\"107\"><strong>HORA DE ARRIBO<\/strong><\/td>\n<\/tr>\n<tr>\n<td>LA2365<\/td>\n<td>COR-LIM<\/td>\n<td>08\/07\/2026<\/td>\n<td>08:20<\/td>\n<td>10:15<\/td>\n<\/tr>\n<tr>\n<td>LA2386<\/td>\n<td>LIM-BOG<\/td>\n<td>08\/07\/2026<\/td>\n<td>13:00<\/td>\n<td>16:09<\/td>\n<\/tr>\n<tr>\n<td>LA4214<\/td>\n<td>BOG-PEI<\/td>\n<td>11\/07\/2026<\/td>\n<td>12:05<\/td>\n<td>13:00<\/td>\n<\/tr>\n<tr>\n<td>LA4215<\/td>\n<td>PEI-BOG<\/td>\n<td>13\/07\/2026<\/td>\n<td>12:05<\/td>\n<td>13:00<\/td>\n<\/tr>\n<tr>\n<td>LA4234<\/td>\n<td>BOG-ADZ<\/td>\n<td>13\/07\/2026<\/td>\n<td>15:49<\/td>\n<td>18:00<\/td>\n<\/tr>\n<tr>\n<td>LA4231<\/td>\n<td>ADZ-BOG<\/td>\n<td>18\/07\/2026<\/td>\n<td>13:21<\/td>\n<td>15:27<\/td>\n<\/tr>\n<tr>\n<td>LA2387<\/td>\n<td>BOG-LIM<\/td>\n<td>18\/07\/2026<\/td>\n<td>17:15<\/td>\n<td>20:15<\/td>\n<\/tr>\n<tr>\n<td>LA2364<\/td>\n<td>LIM-COR<\/td>\n<td>19\/07\/2026<\/td>\n<td>00:30<\/td>\n<td>06:10<\/td>\n<\/tr>\n<\/tbody>\n<\/table>\n<p>&nbsp;<\/p>\n<table width=\"523\">\n<tbody>\n<tr>\n<td width=\"131\"><strong>VUELO DESDE ROS<\/strong><\/td>\n<td width=\"90\"><strong>RUTA<\/strong><\/td>\n<td width=\"90\"><strong>FECHA<\/strong><\/td>\n<td width=\"105\"><strong>HORA DE SALIDA<\/strong><\/td>\n<td width=\"107\"><strong>HORA DE ARRIBO<\/strong><\/td>\n<\/tr>\n<tr>\n<td>LA2433<\/td>\n<td>ROS-LIM<\/td>\n<td>08\/07\/2026<\/td>\n<td>07:30<\/td>\n<td>10:00<\/td>\n<\/tr>\n<tr>\n<td>LA2386<\/td>\n<td>LIM-BOG<\/td>\n<td>08\/07\/2026<\/td>\n<td>13:00<\/td>\n<td>16:09<\/td>\n<\/tr>\n<tr>\n<td>LA4354<\/td>\n<td>BOG-PEI<\/td>\n<td>11\/07\/2026<\/td>\n<td>13:09<\/td>\n<td>14:08<\/td>\n<\/tr>\n<tr>\n<td>LA4357<\/td>\n<td>PEI-BOG<\/td>\n<td>13\/07\/2026<\/td>\n<td>12:05<\/td>\n<td>13:00<\/td>\n<\/tr>\n<tr>\n<td>LA4234<\/td>\n<td>BOG-ADZ<\/td>\n<td>13\/07\/2026<\/td>\n<td>15:49<\/td>\n<td>18:00<\/td>\n<\/tr>\n<tr>\n<td>LA4233<\/td>\n<td>ADZ-BOG<\/td>\n<td>18\/07\/2026<\/td>\n<td>13:21<\/td>\n<td>15:27<\/td>\n<\/tr>\n<tr>\n<td>LA2387<\/td>\n<td>BOG-LIM<\/td>\n<td>18\/07\/2026<\/td>\n<td>17:15<\/td>\n<td>20:15<\/td>\n<\/tr>\n<tr>\n<td>LA2432<\/td>\n<td>LIM-ROS<\/td>\n<td>19\/07\/2026<\/td>\n<td>00:05<\/td>\n<td>06:05<\/td>\n<\/tr>\n<\/tbody>\n<\/table>\n<p>(Horarios Sujetos a cambios por parte de la compa\u00f1\u00eda a\u00e9rea)<\/p>\n<p><a href=\"https:\/\/360regional.com\/360\/wp-content\/uploads\/2023\/09\/equipaje.png\"><img loading=\"lazy\" decoding=\"async\" class=\"alignnone size-full wp-image-2088\" src=\"https:\/\/360regional.com\/360\/wp-content\/uploads\/2023\/09\/equipaje.png\" alt=\"\" width=\"498\" height=\"104\" srcset=\"https:\/\/360regional.com\/360\/wp-content\/uploads\/2023\/09\/equipaje.png 498w, https:\/\/360regional.com\/360\/wp-content\/uploads\/2023\/09\/equipaje-300x63.png 300w\" sizes=\"auto, (max-width: 498px) 100vw, 498px\" \/><\/a><\/p>\n<p><strong>Equipaje Incluido:<\/strong><\/p>\n<ul>\n<li><b>Articulo personal<\/b>\u00a0por pasajero (mochila, cartera o bolso): puede medir hasta 45x35x20cm y podr\u00e1 pesar como m\u00e1ximo 3 kg.\u00a0<strong>\u00a0<\/strong>Deber\u00e1 ser ubicado debajo del asiento delantero.<\/li>\n<li><strong>Equipaje de mano<\/strong>\u00a0por pasajero (carry on): puede medir hasta 55x35x25cm y podr\u00e1 pesar como m\u00e1ximo 10 kg.<\/li>\n<li><strong>Equipaje en<\/strong>\u00a0<strong>bodega\u00a0<\/strong>por pasajero: la suma de las 3 dimensiones no deber\u00e1 exceder los 158cm (suma de alto, largo y ancho) y podr\u00e1 pesar como m\u00e1ximo 23kg.<\/li>\n<\/ul>\n","protected":false},"excerpt":{"rendered":"<p>Bogot\u00e1 \/ Pereira \u2013 Eje Cafetero \/ San Andr\u00e9s Origen: C\u00f3rdoba o Rosario Salida:\u00a0 8 Julio El programa incluye: A\u00e9reo desde C\u00f3rdoba o Rosario con LATAM 10 noches de alojamiento con r\u00e9gimen seg\u00fan hotel 3 noches en Bogot\u00e1 con Desayuno 2 noches en Pereira con Desayuno 5 noches en Isla San Andr\u00e9s con All Inclusive&#8230;<\/p>\n","protected":false},"featured_media":4977,"template":"","meta":{"_kadence_starter_templates_imported_post":false,"_kad_post_transparent":"default","_kad_post_title":"default","_kad_post_layout":"fullwidth","_kad_post_sidebar_id":"","_kad_post_content_style":"default","_kad_post_vertical_padding":"default","_kad_post_feature":"","_kad_post_feature_position":"","_kad_post_header":false,"_kad_post_footer":false,"_kad_post_classname":""},"ttbm_tour_cat":[106,56,18,133,104,130],"ttbm_org":[19],"location":[],"features_list":[],"ttbm_tour_tag":[68,64],"ttbm_tour_activities":[],"class_list":["post-4974","ttbm_tour","type-ttbm_tour","status-publish","has-post-thumbnail","hentry","ttbm_tour_cat-caribe","ttbm_tour_cat-grupales","ttbm_tour_cat-grupales-internacionales","ttbm_tour_cat-grupales-internacionales-desde-rosario","ttbm_tour_cat-internacionales","ttbm_tour_cat-rosario","ttbm_tour_org-sucursal-cordoba","ttbm_tour_tag-grupal-aereo","ttbm_tour_tag-internacionales"],"_links":{"self":[{"href":"https:\/\/360regional.com\/360\/wp-json\/wp\/v2\/ttbm_tour\/4974","targetHints":{"allow":["GET"]}}],"collection":[{"href":"https:\/\/360regional.com\/360\/wp-json\/wp\/v2\/ttbm_tour"}],"about":[{"href":"https:\/\/360regional.com\/360\/wp-json\/wp\/v2\/types\/ttbm_tour"}],"wp:featuredmedia":[{"embeddable":true,"href":"https:\/\/360regional.com\/360\/wp-json\/wp\/v2\/media\/4977"}],"wp:attachment":[{"href":"https:\/\/360regional.com\/360\/wp-json\/wp\/v2\/media?parent=4974"}],"wp:term":[{"taxonomy":"ttbm_tour_cat","embeddable":true,"href":"https:\/\/360regional.com\/360\/wp-json\/wp\/v2\/ttbm_tour_cat?post=4974"},{"taxonomy":"ttbm_tour_org","embeddable":true,"href":"https:\/\/360regional.com\/360\/wp-json\/wp\/v2\/ttbm_org?post=4974"},{"taxonomy":"ttbm_tour_location","embeddable":true,"href":"https:\/\/360regional.com\/360\/wp-json\/wp\/v2\/location?post=4974"},{"taxonomy":"ttbm_tour_features_list","embeddable":true,"href":"https:\/\/360regional.com\/360\/wp-json\/wp\/v2\/features_list?post=4974"},{"taxonomy":"ttbm_tour_tag","embeddable":true,"href":"https:\/\/360regional.com\/360\/wp-json\/wp\/v2\/ttbm_tour_tag?post=4974"},{"taxonomy":"ttbm_tour_activities","embeddable":true,"href":"https:\/\/360regional.com\/360\/wp-json\/wp\/v2\/ttbm_tour_activities?post=4974"}],"curies":[{"name":"wp","href":"https:\/\/api.w.org\/{rel}","templated":true}]}}